{"id":5622,"date":"2020-07-24T17:04:43","date_gmt":"2020-07-24T17:04:43","guid":{"rendered":"https:\/\/www.louxeirabv.com\/fr\/?page_id=5622"},"modified":"2022-03-01T15:02:45","modified_gmt":"2022-03-01T15:02:45","slug":"amenagement-paysager-et-ardoise-architecturale","status":"publish","type":"page","link":"https:\/\/www.louxeirabv.com\/fr\/ardoise-naturelle\/amenagement-paysager-et-ardoise-architecturale\/","title":{"rendered":"Am\u00e9nagement paysager et ardoise architecturale"},"content":{"rendered":"<p>[vc_row css=\u00a0\u00bb.vc_custom_1593698788028{padding-top: 32px !important;}\u00a0\u00bb][vc_column width=\u00a0\u00bb1\/2&Prime;][vc_single_image image=\u00a0\u00bb5750&Prime; style=\u00a0\u00bbvc_box_shadow_border\u00a0\u00bb][\/vc_column][vc_column width=\u00a0\u00bb1\/2&Prime;][vc_text_separator title=\u00a0\u00bb<b>Am\u00e9nagement paysager et ardoise architecturale<\/b>\u00a0\u00bb color=\u00a0\u00bbmulled_wine\u00a0\u00bb style=\u00a0\u00bbshadow\u00a0\u00bb border_width=\u00a0\u00bb2&Prime;]\r\n\t<div class=\"logistix-spacer clearfix\" data-desktop=\"22\" data-mobi=\"22\" data-smobi=\"22\"><\/div>[vc_column_text]<\/p>\n<p style=\"text-align: justify;\"><span style=\"color: #000000;\">Depuis l&rsquo;Antiquit\u00e9, l&rsquo;ardoise naturelle est pleinement utilis\u00e9e dans la construction et ses qualit\u00e9s et comportements sont bien connus. Non seulement c&rsquo;est un mat\u00e9riau appropri\u00e9 pour la conception de toits et de fa\u00e7ades, mais en raison de ses caract\u00e9ristiques techniques, il convient \u00e0 une utilisation dans les rev\u00eatements verticaux et les rev\u00eatements de sol. Sa duret\u00e9, son inalt\u00e9rabilit\u00e9 et son imperm\u00e9abilit\u00e9 s&rsquo;harmonisent dans tous les environnements avec des r\u00e9sultats esth\u00e9tiques d&rsquo;une beaut\u00e9 incontestable.<\/span><\/p>\n<p style=\"text-align: justify;\"><span style=\"color: #000000;\">Nous pouvons affirmer que l&rsquo;ardoise naturelle est une solution appropri\u00e9e pour les constructions du pass\u00e9 et du futur.<\/span><\/p>\n<p style=\"text-align: justify;\"><span style=\"color: #000000;\">Apr\u00e8s de longs processus de recherche et d&rsquo;investissement, nous avons optimis\u00e9 nos ressources mini\u00e8res en utilisant mieux la pierre extraite dans les carri\u00e8res pour produire de nouveaux produits destin\u00e9s \u00e0 diverses applications, telles que l&rsquo;am\u00e9nagement paysager, les structures architecturales, les trottoirs ou la d\u00e9coration int\u00e9rieure.<\/span><\/p>\n<p>[\/vc_column_text][\/vc_column][\/vc_row][vc_row][vc_column][vc_empty_space height=\u00a0\u00bb42px\u00a0\u00bb][\/vc_column][\/vc_row][vc_row][vc_column width=\u00a0\u00bb1\/2&Prime;][vc_single_image image=\u00a0\u00bb5670&Prime; style=\u00a0\u00bbvc_box_shadow_border\u00a0\u00bb][\/vc_column][vc_column width=\u00a0\u00bb1\/2&Prime;][vc_row_inner][vc_column_inner width=\u00a0\u00bb1\/2&Prime;][vc_single_image image=\u00a0\u00bb5559&Prime; alignment=\u00a0\u00bbcenter\u00a0\u00bb onclick=\u00a0\u00bbcustom_link\u00a0\u00bb title=\u00a0\u00bbArdoise P8&Prime; link=\u00a0\u00bbhttps:\/\/www.louxeirabv.com\/fr\/ardoise-naturelle\/amenagement-paysager-et-ardoise-architecturale\/ardoise-p8\/\u00a0\u00bb]<div class=\"button-wrap icon-right\" style=\"display:block; text-align:center;\"><a href=\"https:\/\/www.louxeirabv.com\/fr\/ardoise-naturelle\/amenagement-paysager-et-ardoise-architecturale\/ardoise-p8\/\" target=\"_self\" class=\"logistix-button medium solid accent \" style=\"display:block; text-align:center;\">\r\n\t\t<span style=\"\">PLUS D&#039;INFORMATIONS <\/span>\r\n\t<\/a><\/div>[\/vc_column_inner][vc_column_inner width=\u00a0\u00bb1\/2&Prime;][vc_single_image image=\u00a0\u00bb5581&Prime; alignment=\u00a0\u00bbcenter\u00a0\u00bb onclick=\u00a0\u00bbcustom_link\u00a0\u00bb title=\u00a0\u00bbPol Stone\u00a0\u00bb link=\u00a0\u00bbhttps:\/\/www.louxeirabv.com\/fr\/ardoise-naturelle\/amenagement-paysager-et-ardoise-architecturale\/pol-stone\/\u00a0\u00bb]<div class=\"button-wrap icon-right\" style=\"display:block; text-align:center;\"><a href=\"https:\/\/www.louxeirabv.com\/fr\/ardoise-naturelle\/amenagement-paysager-et-ardoise-architecturale\/pol-stone\/\" target=\"_self\" class=\"logistix-button medium solid accent \" style=\"display:block; text-align:center;\">\r\n\t\t<span style=\"\">PLUS D&#039;INFORMATIONS <\/span>\r\n\t<\/a><\/div>[\/vc_column_inner][\/vc_row_inner][\/vc_column][\/vc_row][vc_row][vc_column][vc_empty_space height=\u00a0\u00bb42px\u00a0\u00bb][\/vc_column][\/vc_row]<\/p>\n","protected":false},"excerpt":{"rendered":"<p>[vc_row css=\u00a0\u00bb.vc_custom_1593698788028{padding-top: 32px !important;}\u00a0\u00bb][vc_column width=\u00a0\u00bb1\/2&Prime;][vc_single_image image=\u00a0\u00bb5750&Prime; style=\u00a0\u00bbvc_box_shadow_border\u00a0\u00bb][\/vc_column][vc_column width=\u00a0\u00bb1\/2&Prime;][vc_text_separator title=\u00a0\u00bbAm\u00e9nagement paysager et ardoise architecturale\u00a0\u00bb color=\u00a0\u00bbmulled_wine\u00a0\u00bb style=\u00a0\u00bbshadow\u00a0\u00bb border_width=\u00a0\u00bb2&Prime;][vc_column_text] Depuis l&rsquo;Antiquit\u00e9, l&rsquo;ardoise naturelle est pleinement utilis\u00e9e dans la construction et ses qualit\u00e9s et comportements sont bien connus. Non seulement c&rsquo;est un mat\u00e9riau appropri\u00e9 pour la conception de toits et de fa\u00e7ades, mais&hellip;<\/p>\n","protected":false},"author":1,"featured_media":0,"parent":5123,"menu_order":0,"comment_status":"closed","ping_status":"closed","template":"","meta":[],"yoast_head":"<!-- This site is optimized with the Yoast SEO plugin v18.2 - https:\/\/yoast.com\/wordpress\/plugins\/seo\/ -->\n<title>Am\u00e9nagement paysager et ardoise architecturale<\/title>\n<meta name=\"description\" content=\"Depuis l&#039;Antiquit\u00e9, l&#039;ardoise naturelle est pleinement utilis\u00e9e dans la construction et ses qualit\u00e9s et son comportement sont bien connus.\" \/>\n<meta name=\"robots\" content=\"index, follow, max-snippet:-1, max-image-preview:large, max-video-preview:-1\" \/>\n<link rel=\"canonical\" href=\"https:\/\/www.louxeirabv.com\/fr\/ardoise-naturelle\/amenagement-paysager-et-ardoise-architecturale\/\" \/>\n<meta property=\"og:locale\" content=\"fr_FR\" \/>\n<meta property=\"og:type\" content=\"article\" \/>\n<meta property=\"og:title\" content=\"Am\u00e9nagement paysager et ardoise architecturale\" \/>\n<meta property=\"og:description\" content=\"Depuis l&#039;Antiquit\u00e9, l&#039;ardoise naturelle est pleinement utilis\u00e9e dans la construction et ses qualit\u00e9s et son comportement sont bien connus.\" \/>\n<meta property=\"og:url\" content=\"https:\/\/www.louxeirabv.com\/fr\/ardoise-naturelle\/amenagement-paysager-et-ardoise-architecturale\/\" \/>\n<meta property=\"og:site_name\" content=\"Louxeira BV. Ardoise naturelle.\" \/>\n<meta property=\"article:publisher\" content=\"https:\/\/www.facebook.com\/Louxeira-BV-112027697288444\" \/>\n<meta property=\"article:modified_time\" content=\"2022-03-01T15:02:45+00:00\" \/>\n<meta name=\"twitter:card\" content=\"summary_large_image\" \/>\n<meta name=\"twitter:label1\" content=\"Dur\u00e9e de lecture estim\u00e9e\" \/>\n\t<meta name=\"twitter:data1\" content=\"1 minute\" \/>\n<script type=\"application\/ld+json\" class=\"yoast-schema-graph\">{\"@context\":\"https:\/\/schema.org\",\"@graph\":[{\"@type\":\"Organization\",\"@id\":\"https:\/\/www.louxeirabv.com\/fr\/#organization\",\"name\":\"Louxeira BV\",\"url\":\"https:\/\/www.louxeirabv.com\/fr\/\",\"sameAs\":[\"https:\/\/www.facebook.com\/Louxeira-BV-112027697288444\"],\"logo\":{\"@type\":\"ImageObject\",\"@id\":\"https:\/\/www.louxeirabv.com\/fr\/#logo\",\"inLanguage\":\"fr-FR\",\"url\":\"https:\/\/www.louxeirabv.com\/fr\/wp-content\/uploads\/2020\/07\/louxeira-BV.png\",\"contentUrl\":\"https:\/\/www.louxeirabv.com\/fr\/wp-content\/uploads\/2020\/07\/louxeira-BV.png\",\"width\":295,\"height\":62,\"caption\":\"Louxeira BV\"},\"image\":{\"@id\":\"https:\/\/www.louxeirabv.com\/fr\/#logo\"}},{\"@type\":\"WebSite\",\"@id\":\"https:\/\/www.louxeirabv.com\/fr\/#website\",\"url\":\"https:\/\/www.louxeirabv.com\/fr\/\",\"name\":\"Louxeira BV. Ardoise naturelle.\",\"description\":\"Louxeira BV est une entreprise familiale d&eacute;di&eacute;e &agrave; l'extraction, la production et la commercialisation de l'ardoise naturelle.\",\"publisher\":{\"@id\":\"https:\/\/www.louxeirabv.com\/fr\/#organization\"},\"potentialAction\":[{\"@type\":\"SearchAction\",\"target\":{\"@type\":\"EntryPoint\",\"urlTemplate\":\"https:\/\/www.louxeirabv.com\/fr\/?s={search_term_string}\"},\"query-input\":\"required name=search_term_string\"}],\"inLanguage\":\"fr-FR\"},{\"@type\":\"WebPage\",\"@id\":\"https:\/\/www.louxeirabv.com\/fr\/ardoise-naturelle\/amenagement-paysager-et-ardoise-architecturale\/#webpage\",\"url\":\"https:\/\/www.louxeirabv.com\/fr\/ardoise-naturelle\/amenagement-paysager-et-ardoise-architecturale\/\",\"name\":\"Am\u00e9nagement paysager et ardoise architecturale\",\"isPartOf\":{\"@id\":\"https:\/\/www.louxeirabv.com\/fr\/#website\"},\"datePublished\":\"2020-07-24T17:04:43+00:00\",\"dateModified\":\"2022-03-01T15:02:45+00:00\",\"description\":\"Depuis l'Antiquit\u00e9, l'ardoise naturelle est pleinement utilis\u00e9e dans la construction et ses qualit\u00e9s et son comportement sont bien connus.\",\"breadcrumb\":{\"@id\":\"https:\/\/www.louxeirabv.com\/fr\/ardoise-naturelle\/amenagement-paysager-et-ardoise-architecturale\/#breadcrumb\"},\"inLanguage\":\"fr-FR\",\"potentialAction\":[{\"@type\":\"ReadAction\",\"target\":[\"https:\/\/www.louxeirabv.com\/fr\/ardoise-naturelle\/amenagement-paysager-et-ardoise-architecturale\/\"]}]},{\"@type\":\"BreadcrumbList\",\"@id\":\"https:\/\/www.louxeirabv.com\/fr\/ardoise-naturelle\/amenagement-paysager-et-ardoise-architecturale\/#breadcrumb\",\"itemListElement\":[{\"@type\":\"ListItem\",\"position\":1,\"name\":\"Portada\",\"item\":\"https:\/\/www.louxeirabv.com\/fr\/\"},{\"@type\":\"ListItem\",\"position\":2,\"name\":\"Ardoise naturelle\",\"item\":\"https:\/\/www.louxeirabv.com\/fr\/ardoise-naturelle\/\"},{\"@type\":\"ListItem\",\"position\":3,\"name\":\"Am\u00e9nagement paysager et ardoise architecturale\"}]}]}<\/script>\n<!-- \/ Yoast SEO plugin. -->","yoast_head_json":{"title":"Am\u00e9nagement paysager et ardoise architecturale","description":"Depuis l'Antiquit\u00e9, l'ardoise naturelle est pleinement utilis\u00e9e dans la construction et ses qualit\u00e9s et son comportement sont bien connus.","robots":{"index":"index","follow":"follow","max-snippet":"max-snippet:-1","max-image-preview":"max-image-preview:large","max-video-preview":"max-video-preview:-1"},"canonical":"https:\/\/www.louxeirabv.com\/fr\/ardoise-naturelle\/amenagement-paysager-et-ardoise-architecturale\/","og_locale":"fr_FR","og_type":"article","og_title":"Am\u00e9nagement paysager et ardoise architecturale","og_description":"Depuis l'Antiquit\u00e9, l'ardoise naturelle est pleinement utilis\u00e9e dans la construction et ses qualit\u00e9s et son comportement sont bien connus.","og_url":"https:\/\/www.louxeirabv.com\/fr\/ardoise-naturelle\/amenagement-paysager-et-ardoise-architecturale\/","og_site_name":"Louxeira BV. Ardoise naturelle.","article_publisher":"https:\/\/www.facebook.com\/Louxeira-BV-112027697288444","article_modified_time":"2022-03-01T15:02:45+00:00","twitter_card":"summary_large_image","twitter_misc":{"Dur\u00e9e de lecture estim\u00e9e":"1 minute"},"schema":{"@context":"https:\/\/schema.org","@graph":[{"@type":"Organization","@id":"https:\/\/www.louxeirabv.com\/fr\/#organization","name":"Louxeira BV","url":"https:\/\/www.louxeirabv.com\/fr\/","sameAs":["https:\/\/www.facebook.com\/Louxeira-BV-112027697288444"],"logo":{"@type":"ImageObject","@id":"https:\/\/www.louxeirabv.com\/fr\/#logo","inLanguage":"fr-FR","url":"https:\/\/www.louxeirabv.com\/fr\/wp-content\/uploads\/2020\/07\/louxeira-BV.png","contentUrl":"https:\/\/www.louxeirabv.com\/fr\/wp-content\/uploads\/2020\/07\/louxeira-BV.png","width":295,"height":62,"caption":"Louxeira BV"},"image":{"@id":"https:\/\/www.louxeirabv.com\/fr\/#logo"}},{"@type":"WebSite","@id":"https:\/\/www.louxeirabv.com\/fr\/#website","url":"https:\/\/www.louxeirabv.com\/fr\/","name":"Louxeira BV. Ardoise naturelle.","description":"Louxeira BV est une entreprise familiale d&eacute;di&eacute;e &agrave; l'extraction, la production et la commercialisation de l'ardoise naturelle.","publisher":{"@id":"https:\/\/www.louxeirabv.com\/fr\/#organization"},"potentialAction":[{"@type":"SearchAction","target":{"@type":"EntryPoint","urlTemplate":"https:\/\/www.louxeirabv.com\/fr\/?s={search_term_string}"},"query-input":"required name=search_term_string"}],"inLanguage":"fr-FR"},{"@type":"WebPage","@id":"https:\/\/www.louxeirabv.com\/fr\/ardoise-naturelle\/amenagement-paysager-et-ardoise-architecturale\/#webpage","url":"https:\/\/www.louxeirabv.com\/fr\/ardoise-naturelle\/amenagement-paysager-et-ardoise-architecturale\/","name":"Am\u00e9nagement paysager et ardoise architecturale","isPartOf":{"@id":"https:\/\/www.louxeirabv.com\/fr\/#website"},"datePublished":"2020-07-24T17:04:43+00:00","dateModified":"2022-03-01T15:02:45+00:00","description":"Depuis l'Antiquit\u00e9, l'ardoise naturelle est pleinement utilis\u00e9e dans la construction et ses qualit\u00e9s et son comportement sont bien connus.","breadcrumb":{"@id":"https:\/\/www.louxeirabv.com\/fr\/ardoise-naturelle\/amenagement-paysager-et-ardoise-architecturale\/#breadcrumb"},"inLanguage":"fr-FR","potentialAction":[{"@type":"ReadAction","target":["https:\/\/www.louxeirabv.com\/fr\/ardoise-naturelle\/amenagement-paysager-et-ardoise-architecturale\/"]}]},{"@type":"BreadcrumbList","@id":"https:\/\/www.louxeirabv.com\/fr\/ardoise-naturelle\/amenagement-paysager-et-ardoise-architecturale\/#breadcrumb","itemListElement":[{"@type":"ListItem","position":1,"name":"Portada","item":"https:\/\/www.louxeirabv.com\/fr\/"},{"@type":"ListItem","position":2,"name":"Ardoise naturelle","item":"https:\/\/www.louxeirabv.com\/fr\/ardoise-naturelle\/"},{"@type":"ListItem","position":3,"name":"Am\u00e9nagement paysager et ardoise architecturale"}]}]}},"_links":{"self":[{"href":"https:\/\/www.louxeirabv.com\/fr\/wp-json\/wp\/v2\/pages\/5622"}],"collection":[{"href":"https:\/\/www.louxeirabv.com\/fr\/wp-json\/wp\/v2\/pages"}],"about":[{"href":"https:\/\/www.louxeirabv.com\/fr\/wp-json\/wp\/v2\/types\/page"}],"author":[{"embeddable":true,"href":"https:\/\/www.louxeirabv.com\/fr\/wp-json\/wp\/v2\/users\/1"}],"replies":[{"embeddable":true,"href":"https:\/\/www.louxeirabv.com\/fr\/wp-json\/wp\/v2\/comments?post=5622"}],"version-history":[{"count":19,"href":"https:\/\/www.louxeirabv.com\/fr\/wp-json\/wp\/v2\/pages\/5622\/revisions"}],"predecessor-version":[{"id":6183,"href":"https:\/\/www.louxeirabv.com\/fr\/wp-json\/wp\/v2\/pages\/5622\/revisions\/6183"}],"up":[{"embeddable":true,"href":"https:\/\/www.louxeirabv.com\/fr\/wp-json\/wp\/v2\/pages\/5123"}],"wp:attachment":[{"href":"https:\/\/www.louxeirabv.com\/fr\/wp-json\/wp\/v2\/media?parent=5622"}],"curies":[{"name":"wp","href":"https:\/\/api.w.org\/{rel}","templated":true}]}}